{"id":93399,"date":"2023-09-14T08:36:31","date_gmt":"2023-09-14T06:36:31","guid":{"rendered":"https:\/\/univet.hu\/?page_id=93399"},"modified":"2026-02-10T04:37:12","modified_gmt":"2026-02-10T03:37:12","slug":"berekmeri-eszter","status":"publish","type":"page","link":"https:\/\/univet.hu\/de\/universitaet\/mitarbeiter\/berekmeri-eszter\/","title":{"rendered":"Berekm\u00e9ri Eszter"},"content":{"rendered":"<p><strong>Einf\u00fchrung:<\/strong><\/p> <p><span data-contrast=\"auto\">Ich bin Dr. Eszter Berekm\u00e9ri, wissenschaftliche Mitarbeiterin am Institut f\u00fcr \u00d6kologie. Am Fachbereich unterrichte und organisiere ich die F\u00e4cher Vergleichende Tierorganisation und Humanbiologie f\u00fcr Studierende des Bachelorstudiengangs Biologie sowie Programmierung (Fach B). F\u00fcr Masterstudierende halte ich einen Kurs zur Regulationsbiologie und beteilige mich an der Lehre des 2. Faches Mikroskopische Fotografie. Ich interessiere mich haupts\u00e4chlich f\u00fcr Nervensystem-Sinnesfunktionen und besch\u00e4ftige mich mit deren Modellierung. Zus\u00e4tzlich zu meinen Aufgaben im Hochschulbereich nehme ich auch an den ungarisch- und englischsprachigen Universit\u00e4tsvorbereitungsprogrammen der \u00c1TE teil.<br \/> <\/span><\/p> <p><span data-ccp-props=\"{&quot;201341983&quot;:0,&quot;335559739&quot;:160,&quot;335559740&quot;:259}\">\u00a0<\/span><\/p> <p><b><\/b><strong>Forschungsschwerpunkte:<\/strong><\/p> <p>Nachweis von Ca2+-Signalen, die durch das purinerge Signalsystem in den St\u00fctzzellen des Maus-Innenohrs induziert werden<\/p> <p>Entdeckung evolution\u00e4r-\u00f6kologischer Nervensystemanpassungen<\/p> <p>&nbsp;<\/p> <p><strong>Themenberatung:<\/strong><\/p> <p>Veterin\u00e4rmedizinstudent: 6 haben ihren Abschluss gemacht, 1 in Bearbeitung<\/p> <p>&nbsp;<\/p> <p><strong>Optionale Themen f\u00fcr Abschlussarbeiten:<\/strong><\/p> <p>Modellierung der Ca2+-Signal\u00fcbertragung in St\u00fctzzellen des Innenohrs zur Aufdeckung postnataler Entwicklungsver\u00e4nderungen.<\/p> <p>Untersuchung der Anordnung und Tonotopie von Deiters-Zellen im Innenohr.<\/p> <p>Ausbreitung intrazellul\u00e4rer Ca2+-Signale.<\/p> <p><span data-ccp-props=\"{&quot;201341983&quot;:0,&quot;335559739&quot;:160,&quot;335559740&quot;:259}\">\u00a0<\/span><\/p> <p><b><\/b><strong>Fortschritt:<\/strong><\/p> <p><span data-contrast=\"auto\"><strong>2020 \u2013<\/strong> Veterin\u00e4rmedizinische Universit\u00e4t, Abteilung \u00d6kologie, wissenschaftlicher Mitarbeiter<\/span><\/p> <p><span data-contrast=\"auto\">2018 \u2013 2020<\/span> Veterin\u00e4rmedizinische Universit\u00e4t, Abteilung \u00d6kologie, wissenschaftlicher Mitarbeiter<\/p> <p><span data-contrast=\"auto\">2015 \u2013 2018 Semmelweis-Universit\u00e4t, Institut f\u00fcr Pharmakologie und Pharmakotherapie<\/span><\/p> <p><span data-ccp-props=\"{&quot;201341983&quot;:0,&quot;335559739&quot;:160,&quot;335559740&quot;:259}\">\u00a0<\/span><\/p> <p><strong>Mitgliedschaft(en) im Berufsverband:<\/strong><\/p> <p><span data-contrast=\"auto\">2015-2018 &#8211;\u00a0Ungarische Pharmakologische Gesellschaft (Magyar Farmakol\u00f3giai T\u00e1rsas\u00e1g)<\/span><span data-ccp-props=\"{&quot;201341983&quot;:0,&quot;335559739&quot;:160,&quot;335559740&quot;:259}\">\u00a0<\/span><\/p> <p><span data-contrast=\"auto\">2017-\u00a0Ungarische Gesellschaft f\u00fcr Neurowissenschaften (Magyar Idegtudom\u00e1nyi T\u00e1rsas\u00e1g)<\/span><span data-ccp-props=\"{&quot;201341983&quot;:0,&quot;335559739&quot;:160,&quot;335559740&quot;:259}\">\u00a0<\/span><\/p> <p><span data-ccp-props=\"{&quot;201341983&quot;:0,&quot;335559739&quot;:160,&quot;335559740&quot;:259}\">\u00a0<\/span><\/p> <p><strong>Publikationsliste:<\/strong><\/p> <p><a href=\"https:\/\/m2.mtmt.hu\/gui2\/?type=authors&amp;mode=browse&amp;sel=10052116\">MTMT2<\/a> <a href=\"https:\/\/scholar.google.hu\/citations?hl=hu&amp;user=AAJg-PUAAAAJ\">| Google Scholar<\/a> | <a href=\"https:\/\/orcid.org\/0000-0002-9752-7882\">ORCID<\/a><\/p>","protected":false},"excerpt":{"rendered":"<p>Einf\u00fchrung: Ich bin Dr. Eszter Berekm\u00e9ri, wissenschaftliche Mitarbeiterin am Institut f\u00fcr \u00d6kologie. Am Fachbereich unterrichte und organisiere ich die F\u00e4cher Vergleichende Tierorganisation und Humanbiologie f\u00fcr Studierende des Bachelorstudiengangs Biologie sowie Programmierung (Fach B). F\u00fcr Masterstudierende halte ich einen Kurs zur Regulationsbiologie und beteilige mich an der Lehre des 2. Faches Mikroskopische Fotografie. Ich interessiere mich<\/p>\n","protected":false},"author":5824,"featured_media":0,"parent":859,"menu_order":37,"comment_status":"closed","ping_status":"closed","template":"","meta":{"_acf_changed":false,"footnotes":""},"categories":[],"tags":[],"class_list":["post-93399","page","type-page","status-publish","hentry"],"acf":[],"_links":{"self":[{"href":"https:\/\/univet.hu\/de\/wp-json\/wp\/v2\/pages\/93399","targetHints":{"allow":["GET"]}}],"collection":[{"href":"https:\/\/univet.hu\/de\/wp-json\/wp\/v2\/pages"}],"about":[{"href":"https:\/\/univet.hu\/de\/wp-json\/wp\/v2\/types\/page"}],"author":[{"embeddable":true,"href":"https:\/\/univet.hu\/de\/wp-json\/wp\/v2\/users\/5824"}],"replies":[{"embeddable":true,"href":"https:\/\/univet.hu\/de\/wp-json\/wp\/v2\/comments?post=93399"}],"version-history":[{"count":1,"href":"https:\/\/univet.hu\/de\/wp-json\/wp\/v2\/pages\/93399\/revisions"}],"predecessor-version":[{"id":200469,"href":"https:\/\/univet.hu\/de\/wp-json\/wp\/v2\/pages\/93399\/revisions\/200469"}],"up":[{"embeddable":true,"href":"https:\/\/univet.hu\/de\/wp-json\/wp\/v2\/pages\/859"}],"wp:attachment":[{"href":"https:\/\/univet.hu\/de\/wp-json\/wp\/v2\/media?parent=93399"}],"wp:term":[{"taxonomy":"category","embeddable":true,"href":"https:\/\/univet.hu\/de\/wp-json\/wp\/v2\/categories?post=93399"},{"taxonomy":"post_tag","embeddable":true,"href":"https:\/\/univet.hu\/de\/wp-json\/wp\/v2\/tags?post=93399"}],"curies":[{"name":"wp","href":"https:\/\/api.w.org\/{rel}","templated":true}]}}