{"id":101686,"date":"2024-07-04T20:18:38","date_gmt":"2024-07-04T18:18:38","guid":{"rendered":"https:\/\/univet.hu\/hu\/biologia\/zootax2024\/"},"modified":"2025-07-24T14:43:20","modified_gmt":"2025-07-24T12:43:20","slug":"zootaxonomia2024","status":"publish","type":"page","link":"https:\/\/univet.hu\/hu\/biologia\/zootaxonomia2024\/","title":{"rendered":"Els\u0151 Magyar zootaxon\u00f3miai Konferencia"},"content":{"rendered":"<p><img loading=\"lazy\" decoding=\"async\" class=\"alignnone size-large wp-image-102339\" src=\"https:\/\/univet.hu\/wp-content\/uploads\/2024\/08\/42b001f1-efb2-4dc0-8264-ccc50e513242-960x540.jpeg\" alt=\"\" width=\"640\" height=\"360\" srcset=\"https:\/\/univet.hu\/wp-content\/uploads\/2024\/08\/42b001f1-efb2-4dc0-8264-ccc50e513242-960x540.jpeg 960w, https:\/\/univet.hu\/wp-content\/uploads\/2024\/08\/42b001f1-efb2-4dc0-8264-ccc50e513242-320x180.jpeg 320w, https:\/\/univet.hu\/wp-content\/uploads\/2024\/08\/42b001f1-efb2-4dc0-8264-ccc50e513242-768x432.jpeg 768w, https:\/\/univet.hu\/wp-content\/uploads\/2024\/08\/42b001f1-efb2-4dc0-8264-ccc50e513242.jpeg 1280w\" sizes=\"auto, (max-width: 640px) 100vw, 640px\" \/><\/p> <h1>Els\u0151 Magyar Zootaxon\u00f3miai Konferencia<\/h1> <p>Kedves Koll\u00e9g\u00e1k!<\/p> <p>Sok szeretettel megh\u00edvunk Benneteket az Els\u0151 Magyar Zootaxon\u00f3miai Konferenci\u00e1ra, melyre 2024. november 27-n (szerd\u00e1n) ker\u00fcl sor az \u00c1llatorvostudom\u00e1nyi Egyetem Aul\u00e1j\u00e1ban (1078 Budapest, Istv\u00e1n u. 2.).<\/p> <p><img loading=\"lazy\" decoding=\"async\" class=\"alignnone size-large wp-image-105455\" src=\"https:\/\/univet.hu\/wp-content\/uploads\/2024\/11\/terkep-960x852.jpg\" alt=\"\" width=\"640\" height=\"568\" srcset=\"https:\/\/univet.hu\/wp-content\/uploads\/2024\/11\/terkep-960x852.jpg 960w, https:\/\/univet.hu\/wp-content\/uploads\/2024\/11\/terkep-320x284.jpg 320w, https:\/\/univet.hu\/wp-content\/uploads\/2024\/11\/terkep-768x682.jpg 768w, https:\/\/univet.hu\/wp-content\/uploads\/2024\/11\/terkep.jpg 1267w\" sizes=\"auto, (max-width: 640px) 100vw, 640px\" \/><\/p> <p>A konferencia szakmai programja aznap reggel 8:30-t\u00f3l kb. 17:50-ig tart. Az ezut\u00e1ni szoci\u00e1lis programot <strong>HELYSZ\u00cdNV\u00c1LTOZ\u00c1S<\/strong> az eddig meghirdetett\u0151l elt\u00e9r\u0151en szint\u00e9n az Aul\u00e1ban fogjuk rendezni.<\/p> <p>A konferenci\u00e1n a hagyom\u00e1nyos 15 perces el\u0151ad\u00e1sok (ide\u00e1lisan: 10 perc el\u0151ad\u00e1s + 5 perc k\u00e9rd\u00e9sek \u00e9s v\u00e1laszok) mellett posztereket is be lehet mutatni, illetve term\u00e9szetesen csak r\u00e9sztvev\u0151k\u00e9nt is lehet regisztr\u00e1lni. Ut\u00f3bbit kifejezetten aj\u00e1nljuk zootaxon\u00f3mia ir\u00e1nt \u00e9rdekl\u0151d\u0151 egyetemi hallgat\u00f3knak \u00e9s gimnazist\u00e1knak is.<\/p> <p>A konferencia els\u0151dleges c\u00e9lja term\u00e9szetesen az is, mint minden szakter\u00fcleti konferenci\u00e1\u00e9: bemutassuk eredm\u00e9nyeinket a koll\u00e9g\u00e1inknak \u00e9s megvitassuk \u0151ket. Ezen t\u00fal azonban egy seregszeml\u00e9t is szeretn\u00e9nk tartani: Bemutatni, hogy sokan vagyunk taxon\u00f3musok, sok \u00e9rdekes csoporttal foglalkozunk, \u00e9s ez a tudom\u00e1ny\u00e1g karrierlehet\u0151s\u00e9get \u00e9s a felfedez\u00e9s \u00f6r\u00f6m\u00e9t ny\u00fajtja egy \u00e9leten \u00e1t.<br \/> Nem musz\u00e1j akt\u00edv t\u00e9m\u00e1r\u00f3l, eredm\u00e9nyekr\u0151l besz\u00e1molni, hanem a kutat\u00e1si t\u00e9m\u00e1t, a taxont, \u00e9s annak \u00e9rdekess\u00e9g\u00e9t is be lehet mutatni.<\/p> <p>Az abstractok \u00e9s az el\u0151ad\u00e1sok nyelve alapvet\u0151en magyar legyen, de aki szeretn\u00e9, angolul is feliratozhatja a di\u00e1it. <a href=\"https:\/\/www.mbt-biologia.hu\/index.php?c_entry=c_entry_pdf_viewer&amp;s_guid=67392a28-1ad5-65e4-9a75-2aa992395a09\">Az absztraktk\u00f6tet innen let\u00f6lthet\u0151<\/a>.<\/p> <p><strong>A konferenci\u00e1ra a regisztr\u00e1ci\u00f3 lez\u00e1rult. <\/strong><\/p> <p>&nbsp;<\/p> <p><strong>Tervezett program:<\/strong><\/p> <p>8:45 K\u00f6sz\u00f6nt\u0151t mond Dr. S\u00fcth Mikl\u00f3s, az \u00c1llatorvostudom\u00e1nyi Egyetem Rektori f\u0151tan\u00e1csad\u00f3ja<\/p> <p>8:55 Technikai r\u00e9szletek, t\u00e1mogat\u00f3k (P\u00e1ll-Gergely Barna &amp; Sz\u0171ts Tam\u00e1s)<\/p> <p>&nbsp;<\/p> <p>09:00\u201310:30 Plen\u00e1risok<\/p> <p>&nbsp;<\/p> <p>09:00\u201309:25\u00a0<strong><a href=\"https:\/\/atk.hun-ren.hu\/en\/munkatarsak\/pall-gergely-barna-en\/\">P\u00e1ll-Gergely Barna<\/a>:<\/strong> A taxon\u00f3mia vil\u00e1gszint\u0171 \u00e9s hazai trendjei<\/p> <p>09:30\u201309:55\u00a0<strong><a href=\"https:\/\/univet.hu\/hu\/egyetem\/munkatarsak\/szuts-tamas\/\">Sz\u0171ts Tam\u00e1s<\/a>:<\/strong> H\u00e1ny vaddiszn\u00f3n\u00e1l kezd\u0151dik a sok? A taxon\u00f3mia oktat\u00e1sa Magyarorsz\u00e1gon<\/p> <p>10:00\u201310:25\u00a0<strong><a href=\"https:\/\/www.entomol.nchu.edu.tw\/en\/?aid=82&amp;pid=136\">R\u00e9dei D\u00e1vid<\/a>: <\/strong>Hogy lett K\u00edna \u201ctaxon\u00f3musnemzet\u201d?<\/p> <p>&nbsp;<\/p> <p>10:30\u201310:50 K\u00e1v\u00e9sz\u00fcnet<\/p> <p>&nbsp;<\/p> <p>10:50\u201312:20 I. szekci\u00f3: 10 perces el\u0151ad\u00e1sok + 5 perc diszkusszi\u00f3; r\u00f6vid el\u0151ad\u00e1sok eset\u00e9ben 5 perc el\u0151ad\u00e1s + 2 perc diszkusszi\u00f3. Szekci\u00f3eln\u00f6k: Sz\u0171ts Tam\u00e1s<\/p> <p><strong>Babocsay Gergely<\/strong>: Az eur\u00f3pai term\u00e9szettudom\u00e1nyi gy\u0171jtem\u00e9nyek digit\u00e1lis integr\u00e1ci\u00f3ja.<\/p> <p><strong>T\u00f6r\u00f6k J\u00falia Katalin<\/strong>: Kivonul\u00e1s az \u00e1llatvil\u00e1gb\u00f3l \u2013 a heterotr\u00f3f protiszt\u00e1k sorsa, k\u00fcl\u00f6n\u00f6s tekintettel a h\u00e1zas am\u0151b\u00e1kra.<\/p> <p><strong>Magyar J\u00e1nos<\/strong>, \u0150si Attila, Csiki-Sava Zolt\u00e1n &amp; Botfalvai G\u00e1bor: \u00daj dinoszaurusz fajok a H\u00e1tszegi-medence fels\u0151-kr\u00e9ta k\u0151zetr\u00e9tegeib\u0151l.<\/p> <p><strong>B\u00e1lint Zsolt<\/strong>, Piszter G\u00e1bor, Kert\u00e9sz Kriszti\u00e1n &amp; Bir\u00f3 L\u00e1szl\u00f3 P\u00e9ter: Anyagtudom\u00e1ny \u00e9s taxon\u00f3mia: <span data-olk-copy-source=\"MessageBody\">h\u00e9t l\u00e1ngszin\u00e9res esettanulm\u00e1ny<\/span>. (r\u00f6vid el\u0151ad\u00e1s)<\/p> <p><strong>Moln\u00e1rn\u00e9 Balog Luca Eszter<\/strong>: \u201eL\u00e1thatatlan \u00f3ri\u00e1sok\u201d, avagy a fon\u00e1lf\u00e9rgek jelent\u0151s\u00e9ge \u00e9s rejtett vil\u00e1ga. (r\u00f6vid el\u0151ad\u00e1s)<\/p> <p><strong>Schmidt P\u00e9ter<\/strong> &amp; Kondorosy El\u0151d: A f\u00f6ldibodob\u00e1csok (Rhyparochromidae) \u00faj-guineai fajainak taxon\u00f3mi\u00e1ja.<\/p> <p><strong>Mayer \u00c1d\u00e1m S\u00e1ndor<\/strong>, Tak\u00e1cs-V\u00e1g\u00f3 Hunor, Szab\u00f3 Kriszti\u00e1n &amp; Sz\u0171ts Tam\u00e1s: \u00daj-Guineai ugr\u00f3p\u00f3kok (Araneae: Salticidae) integrat\u00edv taxon\u00f3mi\u00e1ja<\/p> <p>&nbsp;<\/p> <p>12:20\u201313:10 Eb\u00e9dsz\u00fcnet<\/p> <p>&nbsp;<\/p> <p>13:10\u201315:010 II. szekci\u00f3: 10 perces el\u0151ad\u00e1sok + 5 perc diszkusszi\u00f3; r\u00f6vid el\u0151ad\u00e1sok eset\u00e9ben 5 perc el\u0151ad\u00e1s + 2 perc diszkusszi\u00f3. Szekci\u00f3eln\u00f6k: Vas Zolt\u00e1n<\/p> <p><strong>\u00a0<\/strong><\/p> <p>D\u00e9nes Avar-Lehel,<strong> L\u00e1szl\u00f3 Zolt\u00e1n <\/strong>&amp; Miles Zhang: Recent adaptive radiation and challenges in species delimitation in Western Palearctic and West Asian <em>Diplolepis<\/em> Geoffroy, 1762.<\/p> <p><strong>Nov\u00e1k J\u00e1nos<\/strong>, Mariam Gogshelidze, Franti\u0161ek \u0160\u0165\u00e1hlavsk\u00fd, Vera Opatova &amp; Shalva Barjadze: Revealing the diversity and evolutionary history of cavernicolous Neobisium pseudoscorpions (Pseudoscorpiones: Neobisiidae) through integrative taxonomical methods in Georgia<\/p> <p><strong>D\u00f3zsa-Farkas Kl\u00e1ra<\/strong>: A mikroszk\u00f3pi fot\u00f3k jelent\u0151s\u00e9ge ez enchytraeida taxon\u00f3mi\u00e1ban.<\/p> <p><strong>Mur\u00e1nyi D\u00e1vid<\/strong>: A transzpacifikus elterjed\u00e9s\u0171 <em>Eucapnopsis<\/em> \u00e1lk\u00e9r\u00e9sz genusz (Plecoptera: Capniidae) taxon\u00f3miai rev\u00edzi\u00f3ja.<\/p> <p><strong>Szab\u00f3 Kriszti\u00e1n<\/strong> &amp; Sz\u0171ts Tam\u00e1s: Bikap\u00f3kok integrat\u00edv taxon\u00f3mi\u00e1ja.<\/p> <p><strong>D\u00e9nes Anna<\/strong>, D\u00e9nes Avar-Lehel &amp; Keresztes, Lujza: A rom\u00e1niai \u00e1lk\u00e9r\u00e9sz taxon\u00f3mia m\u00faltja \u00e9s jelene. (r\u00f6vid el\u0151ad\u00e1s)<\/p> <p><strong>T\u00f3th Bal\u00e1zs<\/strong>: \u201eV\u00e9gtelen\u201d v\u00e1ltozatoss\u00e1g: A <em>Naarda<\/em> Walker, 1866 genus \u00e1zsiai fajainak \u00e1ttekint\u00e9se (Lepidoptera: Erebidae: Hypeninae). (r\u00f6vid el\u0151ad\u00e1s)<\/p> <p>Ronkay G\u00e1bor, <strong>Ronkay L\u00e1szl\u00f3<\/strong> &amp; Varga Zolt\u00e1n: Az eur\u00f3pai Noctuoidea fauna felt\u00e1ratlan diverzit\u00e1sa (The hidden diversity of the European Noctuoidea).<\/p> <p><strong>Varga Zolt\u00e1n S\u00e1ndor<\/strong>: Bagolylepke (Noctuidae, Noctuinae) nemzets\u00e9gek sokf\u00e9les\u00e9ge, filogenetikai \u00e9s filogeogr\u00e1fiai viszonyai K\u00f6z\u00e9p- \u00e9s Bels\u0151-\u00c1zsi\u00e1ban.<\/p> <p>&nbsp;<\/p> <p>15:10\u201315:40 poszterszekci\u00f3<\/p> <p>&nbsp;<\/p> <p>15:40\u201317:30 III. szekci\u00f3: 10 perces el\u0151ad\u00e1sok + 5 perc diszkusszi\u00f3; r\u00f6vid el\u0151ad\u00e1sok eset\u00e9ben 5 perc el\u0151ad\u00e1s + 2 perc diszkusszi\u00f3. Szekci\u00f3eln\u00f6k: Feh\u00e9r Zolt\u00e1n.<\/p> <p><strong>Kolcs\u00e1r Levente-P\u00e9ter<\/strong>: D\u00e9lkelet-\u00c1zsia l\u00f3sz\u00fanyogszer\u0171inek (Tipuloidea) kutat\u00e1sa (online)<\/p> <p><strong>Vas Zolt\u00e1n<\/strong>: A val\u00f3di f\u00fcrk\u00e9szdarazsak (Hymenoptera: Ichneumonidae) taxon\u00f3miai \u00e9s faunisztikai kutat\u00e1sa a Magyar Term\u00e9szettudom\u00e1nyi M\u00fazeumban.<\/p> <p><strong>Dulai Alfr\u00e9d <\/strong>&amp; Han Raven: Recens Discinidae brachiopod\u00e1k D- \u00e9s DK-\u00c1zsi\u00e1b\u00f3l: taxon\u00f3miai k\u00e9rd\u00e9sek, megold\u00e1sok \u00e9s \u00fajabb probl\u00e9m\u00e1k.<\/p> <p><strong>K\u00f3bor P\u00e9ter<\/strong>, Szab\u00f3 M\u00e1rton, Szappanos B\u00e1lint &amp; Artur Taszakowski: <em>Pulafulvius pliocenicus<\/em> \u2013 az \u201eutols\u00f3 mohik\u00e1n\u201d?<\/p> <p><strong>Szinet\u00e1r Csaba Mikl\u00f3s<\/strong>: Egy zool\u00f3gus elker\u00fclhetetlen tal\u00e1lkoz\u00e1sai a taxon\u00f3mi\u00e1val.<\/p> <p><strong>D\u00e9nes Avar-Lehel<\/strong>, Kolcs\u00e1r Levente-P\u00e9ter, Berecz Bal\u00e1zs Vivien, Jancs\u00f3 Bor\u00f3ka-Zsuzs\u00e1nna &amp; Keresztes Lujza: A <em>Chionea araneoides<\/em> Dalman, 1816 fajcsoport (Diptera, Limoniidae) morfol\u00f3giai diverzit\u00e1sa j\u00e9gkori ref\u00fagiumok jelenl\u00e9t\u00e9t igazolj\u00e1k a K\u00e1rp\u00e1tokban. (r\u00f6vid el\u0151ad\u00e1s)<\/p> <p><strong>Keresztes Lujza<\/strong>, D\u00e9nes Avar-Lehel, Andrei Bogdan Terec, D\u00e9nes Anna &amp; Jancs\u00f3 Bor\u00f3ka-Zsuzs\u00e1nna: Fajsz\u00e1mok fogs\u00e1g\u00e1ban: akvatikus \u00e9s szemi-akvatikus k\u00e9tsz\u00e1rny\u00faak (Insecta, Diptera) morfol\u00f3giai \u00e9s molekul\u00e1ris lelt\u00e1ra a K\u00e1rp\u00e1tok t\u00e9rs\u00e9g\u00e9ben.<\/p> <p><strong>Nagy Hajnalka<\/strong>, Felf\u00f6ldi Tam\u00e1s, Yong Hong &amp; D\u00f3zsa-Farkas Kl\u00e1ra: Eur\u00f3pai \u00e9s d\u00e9l-koreai telev\u00e9nyf\u00e9reg fajok molekul\u00e1ris taxon\u00f3mi\u00e1ja. (r\u00f6vid el\u0151ad\u00e1s)<\/p> <p>&nbsp;<\/p> <p>17:30 d\u00edjak \u00e1tad\u00e1sa<\/p> <p><a id=\"Djazottak\"><\/a>D\u00edjazottak:<\/p> <p>Poszter:<\/p> <p>1. helyezett (megosztott)\u00a0<strong>Fekete Erik<\/strong>:\u00a0\u00a0A Dun\u00e1nt\u00fal medve\u00e1llatk\u00e1inak vizsg\u00e1lata.<\/p> <p>1. helyezett (megosztott)\u00a0<strong>Fiam Judit<\/strong>:\u00a0A k\u00f6ztudatban \u00e9l\u0151, m\u00e9gis egy elhanyagolt rend k\u00e9pvisel\u0151i: hazai\u00a0<em>Zygentoma<\/em>-fajok.<\/p> <p>3. helyezett <strong>Kocz\u00f3 Levente<\/strong>:\u00a0K\u00e9s\u0151 kr\u00e9ta (Maastrichti) sz\u00e1razf\u00f6ldi \u00e9s \u00e9desv\u00edzi puhatest\u0171-fauna Valiora (Rom\u00e1nia) k\u00f6rny\u00e9k\u00e9r\u0151l.<\/p> <p>&nbsp;<\/p> <p>El\u0151ad\u00e1sok:<\/p> <p>1: helyezett <strong>Mayer \u00c1d\u00e1m S\u00e1ndor<\/strong>:\u00a0\u00daj-Guineai ugr\u00f3p\u00f3kok (Araneae: Salticidae) integrat\u00edv taxon\u00f3mi\u00e1ja<\/p> <p>2: helyezett <strong>Moln\u00e1rn\u00e9 Balog Luca Eszter<\/strong>: \u201eL\u00e1thatatlan \u00f3ri\u00e1sok\u201d, avagy a fon\u00e1lf\u00e9rgek jelent\u0151s\u00e9ge \u00e9s rejtett vil\u00e1ga.<\/p> <p>3: helyezett <strong>D\u00e9nes Avar-Lehel<\/strong>:\u00a0A <em>Chionea araneoides<\/em> Dalman, 1816 fajcsoport (Diptera, Limoniidae) morfol\u00f3giai diverzit\u00e1sa j\u00e9gkori ref\u00fagiumok jelenl\u00e9t\u00e9t igazolj\u00e1k a K\u00e1rp\u00e1tokban.<\/p> <p>&nbsp;<\/p> <p>MTM K\u00fcl\u00f6nd\u00edjban r\u00e9szes\u00fclt:<\/p> <p>D\u00e9nes Anna:\u00a0A rom\u00e1niai \u00e1lk\u00e9r\u00e9sz taxon\u00f3mia m\u00faltja \u00e9s jelene.<\/p> <p>Fiam Judit: A k\u00f6ztudatban \u00e9l\u0151, m\u00e9gis egy elhanyagolt rend k\u00e9pvisel\u0151i: hazai\u00a0<em>Zygentoma<\/em>-fajok.<\/p> <p>Fekete Erik:\u00a0A Dun\u00e1nt\u00fal medve\u00e1llatk\u00e1inak vizsg\u00e1lata.<\/p> <p><strong>Kaszab Zolt\u00e1n-d\u00edj<\/strong> ifj\u00fas\u00e1gi fokozat: Kolcs\u00e1r Levente-P\u00e9ter Ph.D.<\/p> <p><strong>Kaszab Zolt\u00e1n-d\u00edj<\/strong> szenior fokozat: Csuzdi Csaba D.Sc.<\/p> <p>&nbsp;<\/p> <p>17:50\u2013 <strong>R\u00f6vid \u00e1trendez\u00e9s ut\u00e1n az AUL\u00c1BAN<\/strong> a plen\u00e1ris el\u0151ad\u00e1sokkal kapcsolatos k\u00e9rd\u00e9seket megvitatjuk. Egy\u00e9b t\u00e9m\u00e1k: Taxon\u00f3musok taxon\u00f3mi\u00e1ja; karrierlehet\u0151s\u00e9g a taxon\u00f3mi\u00e1ban. Moder\u00e1tor: Feh\u00e9r Zolt\u00e1n.<\/p> <p>&nbsp;<\/p> <p><strong>Poszterek:<\/strong><\/p> <p><strong>Babits Melinda<\/strong>: Cs\u00f3t\u00e1ny taxon\u00f3mia a rovartart\u00f3k szemsz\u00f6g\u00e9b\u0151l.<\/p> <p><strong>Boros Gergely<\/strong>, D\u00f3zsa-Farkas Kl\u00e1ra, Petrikovszki Ren\u00e1ta, Nagy P\u00e9ter Istv\u00e1n &amp; Nagy Bal\u00e1zs: Tudom\u00e1nyra \u00e9s faun\u00e1ra \u00faj telev\u00e9ny- \u00e9s fon\u00e1lf\u00e9rgek a D\u00e9l-chilei Darwin-hegyvid\u00e9kr\u0151l<\/p> <p><strong>Fekete Erik<\/strong>: A Dun\u00e1nt\u00fal medve\u00e1llatk\u00e1inak vizsg\u00e1lata.<\/p> <p><strong>Fiam Judit<\/strong> &amp; N\u00e9meth Tam\u00e1s: A k\u00f6ztudatban \u00e9l\u0151, m\u00e9gis egy elhanyagolt rend k\u00e9pvisel\u0151i: hazai <em>Zygentoma<\/em>-fajok.<\/p> <p><strong>Jancs\u00f3 Bor\u00f3ka-Zsuzs\u00e1nna<\/strong>, K\u00e1rp\u00e1ti Marcell &amp; Keresztes Lujza: Az <em>Atypophthalmus umbratus<\/em> (de Meijere, 1911) iszapsz\u00fanyogfaj (Diptera, Limoniidae) els\u0151 k\u00f6z\u00e9p-eur\u00f3pai el\u0151fordul\u00e1sa \u2013 a glob\u00e1lis d\u00edszn\u00f6v\u00e9nykereskedelem potyautasa.<\/p> <p><strong>Kocz\u00f3 Levente<\/strong>, Botfalvai G\u00e1bor &amp; P\u00e1ll-Gergely Barna: K\u00e9s\u0151 kr\u00e9ta (Maastrichti) sz\u00e1razf\u00f6ldi \u00e9s \u00e9desv\u00edzi puhatest\u0171-fauna Valiora (Rom\u00e1nia) k\u00f6rny\u00e9k\u00e9r\u0151l.<\/p> <p><strong>Kors\u00f3s Zolt\u00e1n <\/strong>&amp; Laz\u00e1nyi Eszter: A Magyar Term\u00e9szettudom\u00e1nyi M\u00fazeum ikerszelv\u00e9nyes-t\u00edpusai (Myriapoda: Diplopoda), II.<\/p> <p><strong>K\u0151szegi Klaudia<\/strong>, Tak\u00e1cs Attila &amp; Nagy Antal: Diasemiopsis ramburialis (Duponchel, [1834]), \u00faj molylepke faj Magyarorsz\u00e1gon (Lepidoptera: Crambidae).<\/p> <p><strong>Laz\u00e1nyi Eszter<\/strong>, P\u00e1ll-Gergely Barna, Piter Kehoma Boll, Simon Janka, Tur\u00f3ci \u00c1gnes &amp; Katona Gergely: Sz\u00e1razf\u00f6ldi laposf\u00e9rgek Magyarorsz\u00e1gon.<\/p> <p><strong>Szanyi Szabolcs<\/strong>, T\u00f3th Mikl\u00f3s, Szanyi K\u00e1lm\u00e1n, Varga Zolt\u00e1n &amp; Nagy Antal: \u201e\u00daj sepr\u0171 j\u00f3l seper\u201d \u2013 avagy, hogyan seg\u00edthetik az \u00faj t\u00edpus\u00fa t\u00e1pl\u00e1lkoz\u00e1si attrakt\u00e1nsokkal felszerelt csapd\u00e1k a taxon\u00f3miai kutat\u00e1sokat?!<\/p> <p><strong>Sz\u0151ke Vikt\u00f3ria<\/strong> &amp; Vas Zolt\u00e1n: Biodiverzit\u00e1s-kutat\u00e1s a Magyar Term\u00e9szettudom\u00e1nyi M\u00fazeumban \u2013 az elm\u00falt \u00f6t \u00e9v taxon\u00f3miai eredm\u00e9nyei.<\/p> <p>&nbsp;<\/p> <p>D\u00edjbizotts\u00e1g<\/p> <p><strong>Poszterek:<\/strong> T\u00f6r\u00f6k J\u00falia, Kondorosy El\u0151d, T\u00f3th Bal\u00e1zs<\/p> <p><strong>El\u0151ad\u00e1sok: <\/strong>Szinet\u00e1r Csaba, Mur\u00e1nyi D\u00e1vid, L\u00e1szl\u00f3 Zolt\u00e1n<\/p> <p>&nbsp;<\/p> <p>A regisztr\u00e1ci\u00f3 d\u00edjtalan. A termeket az \u00c1llatorvostudom\u00e1nyi Egyetem, a k\u00e1v\u00e9t \u00e9s a pog\u00e1cs\u00e1kat a HUN-REN Agr\u00e1rtudom\u00e1nyi Kutat\u00f3k\u00f6zpont biztos\u00edtja. A konferenci\u00e1t t\u00e1mogatja az Akad\u00e9miai Kiad\u00f3, az Animal Taxonomy and Ecology c. foly\u00f3irat kiad\u00f3ja. <strong>Az Aul\u00e1ba lehet hozni enni- \u00e9s innival\u00f3kat, a t\u00e1rsas\u00e1gi esem\u00e9ny 21:00 \u00f3r\u00e1ig tart<\/strong>. Az eb\u00e9dsz\u00fcnet 50 perces lesz, ezalatt a k\u00f6rny\u00e9k sz\u00e1mtalan \u00e9tterm\u00e9ben mindenki meg tud eb\u00e9delni.<\/p> <p>A szervez\u0151k:<\/p> <p><a href=\"https:\/\/univet.hu\/hu\/egyetem\/munkatarsak\/szuts-tamas\/\">Sz\u0171ts Tam\u00e1s<\/a>, \u00c1llatorvostudom\u00e1nyi Egyetem, Biol\u00f3giai Int\u00e9zet, Budapest<\/p> <p><a href=\"https:\/\/atk.hun-ren.hu\/en\/munkatarsak\/pall-gergely-barna-en\/\">P\u00e1ll-Gergely Barna<\/a>, HUN-REN Agr\u00e1rtudom\u00e1nyi Kutat\u00f3k\u00f6zpont, N\u00f6v\u00e9nyv\u00e9delmi Int\u00e9zet, Martonv\u00e1s\u00e1r<\/p> <p><a href=\"https:\/\/atk.hun-ren.hu\/hu\/munkatarsak\/kontschan-jeno\/\">Kontsch\u00e1n Jen\u0151<\/a> HUN-REN Agr\u00e1rtudom\u00e1nyi Kutat\u00f3k\u00f6zpont, N\u00f6v\u00e9nyv\u00e9delmi Int\u00e9zet, Martonv\u00e1s\u00e1r<\/p> <p><a href=\"https:\/\/univet.hu\/hu\/egyetem\/munkatarsak\/hornok-sandor\/\">Hornok S\u00e1ndor<\/a>, \u00c1llatorvostudom\u00e1nyi Egyetem, Parazitol\u00f3giai \u00e9s \u00c1llattani Tansz\u00e9k; HUN-REN-\u00c1TE Kl\u00edmav\u00e1ltoz\u00e1s: \u00daj V\u00e9rsz\u00edv\u00f3 Parazit\u00e1k \u00e9s Vector-borne K\u00f3rokoz\u00f3k Kutat\u00f3csoport<\/p> <p><a href=\"https:\/\/uni-eszterhazy.hu\/api\/media\/file\/0175977a67e2b8ff15f1144923dc6e6c6c24f92e\">Mur\u00e1nyi D\u00e1vid<\/a>, Eszterh\u00e1zy K\u00e1roly Katolikus Egyetem<\/p> <p><a href=\"https:\/\/www.researchgate.net\/profile\/Zoltan-Feher-2\">Feh\u00e9r Zolt\u00e1n<\/a>, WWF Magyarorsz\u00e1g<\/p> <p>&nbsp;<\/p> <p>T\u00e1mogat\u00f3k:<\/p> <p><a href=\"http:\/\/univet.hu\/\"><img loading=\"lazy\" decoding=\"async\" class=\"alignnone wp-image-101764\" src=\"https:\/\/univet.hu\/wp-content\/uploads\/2024\/07\/k\u00e9p_2024-07-08_142208144-960x868.png\" alt=\"\" width=\"80\" height=\"73\" srcset=\"https:\/\/univet.hu\/wp-content\/uploads\/2024\/07\/k\u00e9p_2024-07-08_142208144-960x868.png 960w, https:\/\/univet.hu\/wp-content\/uploads\/2024\/07\/k\u00e9p_2024-07-08_142208144-320x289.png 320w, https:\/\/univet.hu\/wp-content\/uploads\/2024\/07\/k\u00e9p_2024-07-08_142208144-768x695.png 768w, https:\/\/univet.hu\/wp-content\/uploads\/2024\/07\/k\u00e9p_2024-07-08_142208144.png 2030w\" sizes=\"auto, (max-width: 80px) 100vw, 80px\" \/><\/a>\u00a0 \u00a0 \u00a0 \u00a0 \u00a0 \u00a0<a href=\"https:\/\/akademiai.hu\"><img loading=\"lazy\" decoding=\"async\" class=\"alignnone wp-image-101760\" src=\"https:\/\/univet.hu\/wp-content\/uploads\/2024\/07\/AkademiaiKiado-logoneviras_black-Converted-960x443.png\" alt=\"\" width=\"152\" height=\"70\" srcset=\"https:\/\/univet.hu\/wp-content\/uploads\/2024\/07\/AkademiaiKiado-logoneviras_black-Converted-960x443.png 960w, https:\/\/univet.hu\/wp-content\/uploads\/2024\/07\/AkademiaiKiado-logoneviras_black-Converted-320x148.png 320w, https:\/\/univet.hu\/wp-content\/uploads\/2024\/07\/AkademiaiKiado-logoneviras_black-Converted-768x354.png 768w, https:\/\/univet.hu\/wp-content\/uploads\/2024\/07\/AkademiaiKiado-logoneviras_black-Converted.png 1601w\" sizes=\"auto, (max-width: 152px) 100vw, 152px\" \/><\/a>\u00a0 \u00a0 \u00a0 \u00a0 \u00a0 \u00a0 \u00a0 \u00a0 \u00a0 \u00a0 \u00a0\u00a0<a href=\"https:\/\/atk.hun-ren.hu\"><img loading=\"lazy\" decoding=\"async\" class=\"alignnone wp-image-101762\" src=\"https:\/\/univet.hu\/wp-content\/uploads\/2024\/07\/k\u00e9p_2024-07-08_140619582-960x271.png\" width=\"247\" height=\"70\" srcset=\"https:\/\/univet.hu\/wp-content\/uploads\/2024\/07\/k\u00e9p_2024-07-08_140619582-960x271.png 960w, https:\/\/univet.hu\/wp-content\/uploads\/2024\/07\/k\u00e9p_2024-07-08_140619582-320x90.png 320w, https:\/\/univet.hu\/wp-content\/uploads\/2024\/07\/k\u00e9p_2024-07-08_140619582-768x217.png 768w, https:\/\/univet.hu\/wp-content\/uploads\/2024\/07\/k\u00e9p_2024-07-08_140619582.png 2048w\" sizes=\"auto, (max-width: 247px) 100vw, 247px\" \/><\/a>\u00a0 \u00a0 \u00a0 \u00a0 \u00a0 \u00a0 <a href=\"https:\/\/www.typotex.hu\/\"><img loading=\"lazy\" decoding=\"async\" class=\"alignnone wp-image-105456\" src=\"https:\/\/univet.hu\/wp-content\/uploads\/2024\/11\/Typotex_Logo_2018_color_flat-960x630.png\" alt=\"\" width=\"106\" height=\"70\" srcset=\"https:\/\/univet.hu\/wp-content\/uploads\/2024\/11\/Typotex_Logo_2018_color_flat-960x630.png 960w, https:\/\/univet.hu\/wp-content\/uploads\/2024\/11\/Typotex_Logo_2018_color_flat-320x210.png 320w, https:\/\/univet.hu\/wp-content\/uploads\/2024\/11\/Typotex_Logo_2018_color_flat-768x504.png 768w\" sizes=\"auto, (max-width: 106px) 100vw, 106px\" \/><\/a><\/p>","protected":false},"excerpt":{"rendered":"<p>Els\u0151 Magyar Zootaxon\u00f3miai Konferencia Kedves Koll\u00e9g\u00e1k! Sok szeretettel megh\u00edvunk Benneteket az Els\u0151 Magyar Zootaxon\u00f3miai Konferenci\u00e1ra, melyre 2024. november 27-n (szerd\u00e1n) ker\u00fcl sor az \u00c1llatorvostudom\u00e1nyi Egyetem Aul\u00e1j\u00e1ban (1078 Budapest, Istv\u00e1n u. 2.). A konferencia szakmai programja aznap reggel 8:30-t\u00f3l kb. 17:50-ig tart. Az ezut\u00e1ni szoci\u00e1lis programot HELYSZ\u00cdNV\u00c1LTOZ\u00c1S az eddig meghirdetett\u0151l elt\u00e9r\u0151en szint\u00e9n az Aul\u00e1ban fogjuk rendezni.<\/p>\n","protected":false},"author":3087,"featured_media":0,"parent":26000,"menu_order":0,"comment_status":"open","ping_status":"open","template":"","meta":{"_acf_changed":false,"footnotes":""},"categories":[],"tags":[],"class_list":["post-101686","page","type-page","status-publish","hentry"],"acf":[],"_links":{"self":[{"href":"https:\/\/univet.hu\/hu\/wp-json\/wp\/v2\/pages\/101686","targetHints":{"allow":["GET"]}}],"collection":[{"href":"https:\/\/univet.hu\/hu\/wp-json\/wp\/v2\/pages"}],"about":[{"href":"https:\/\/univet.hu\/hu\/wp-json\/wp\/v2\/types\/page"}],"author":[{"embeddable":true,"href":"https:\/\/univet.hu\/hu\/wp-json\/wp\/v2\/users\/3087"}],"replies":[{"embeddable":true,"href":"https:\/\/univet.hu\/hu\/wp-json\/wp\/v2\/comments?post=101686"}],"version-history":[{"count":2,"href":"https:\/\/univet.hu\/hu\/wp-json\/wp\/v2\/pages\/101686\/revisions"}],"predecessor-version":[{"id":188262,"href":"https:\/\/univet.hu\/hu\/wp-json\/wp\/v2\/pages\/101686\/revisions\/188262"}],"up":[{"embeddable":true,"href":"https:\/\/univet.hu\/hu\/wp-json\/wp\/v2\/pages\/26000"}],"wp:attachment":[{"href":"https:\/\/univet.hu\/hu\/wp-json\/wp\/v2\/media?parent=101686"}],"wp:term":[{"taxonomy":"category","embeddable":true,"href":"https:\/\/univet.hu\/hu\/wp-json\/wp\/v2\/categories?post=101686"},{"taxonomy":"post_tag","embeddable":true,"href":"https:\/\/univet.hu\/hu\/wp-json\/wp\/v2\/tags?post=101686"}],"curies":[{"name":"wp","href":"https:\/\/api.w.org\/{rel}","templated":true}]}}