{"id":6029,"date":"2018-06-18T10:23:00","date_gmt":"2018-06-18T08:23:00","guid":{"rendered":"http:\/\/univet.hu\/oktatas\/felveteli\/erettsegi-elokeszito\/"},"modified":"2025-06-18T12:48:36","modified_gmt":"2025-06-18T10:48:36","slug":"erettsegi-elokeszito","status":"publish","type":"page","link":"https:\/\/univet.hu\/hu\/felveteli\/erettsegi-elokeszito\/","title":{"rendered":"\u00c9retts\u00e9gi el\u0151k\u00e9sz\u00edt\u0151"},"content":{"rendered":"<p>&nbsp;<\/p> <h5 style=\"text-align: center\"><strong>T\u00e1j\u00e9koztat\u00f3\u00a0<\/strong><strong>az \u00c1llatorvostudom\u00e1nyi Egyetem emelt szint\u0171 \u00e9retts\u00e9gi vizsg\u00e1ra felk\u00e9sz\u00edt\u0151 tanfolyam\u00e1r\u00f3l<\/strong><\/h5> <p>&nbsp;<\/p> <p>Az \u00c1llatorvostudom\u00e1nyi Egyetem <strong>\u00f6nk\u00f6lts\u00e9ges, emelt szint\u0171 \u00e9retts\u00e9gi vizsg\u00e1ra felk\u00e9sz\u00edt\u0151<\/strong> <strong>tanfolyamot<\/strong> ind\u00edt a <strong>2025\/2026-es tan\u00e9vben<\/strong>, <strong>biol\u00f3gia<\/strong> \u00e9s <strong>k\u00e9mia<\/strong> tant\u00e1rgyakb\u00f3l, egy\u00fctt \u00e9s k\u00fcl\u00f6n-k\u00fcl\u00f6n is.<\/p> <p>A tananyag mindk\u00e9t tant\u00e1rgyb\u00f3l az \u00e9retts\u00e9gi vizsga t\u00f6rzsanyaga.<strong>\u00a0<\/strong><\/p> <p><strong>K\u00e9mia t\u00e1rgyb\u00f3l<\/strong> &#8211; az el\u0151k\u00e9sz\u00edt\u0151 sor\u00e1n k\u00e9t alkalommal \u2013 lehet\u0151s\u00e9get biztos\u00edtunk az \u00e9retts\u00e9gi vizsg\u00e1n szerepl\u0151 k\u00e9mia k\u00eds\u00e9rletek elv\u00e9gz\u00e9s\u00e9re.<\/p> <p>Az el\u0151ad\u00f3k az egyetem oktat\u00f3i, akik a tananyagot az \u00e9retts\u00e9gi vizsga k\u00f6vetelm\u00e9nyeinek megfelel\u0151en tan\u00edtj\u00e1k. A tanfolyam sor\u00e1n nagy hangs\u00falyt fektet\u00fcnk az \u00e9retts\u00e9gi vizsg\u00e1n szerepl\u0151 feladatt\u00edpusok gyakorl\u00e1s\u00e1ra. A k\u00e9pz\u00e9s v\u00e9g\u00e9n a r\u00e9sztvev\u0151k tant\u00e1rgyank\u00e9nt pr\u00f3ba \u00e9retts\u00e9git \u00edrnak.<\/p> <p><strong><u>A tanfolyam 2025. szeptember 26-t\u0151l- 2026. \u00e1prilis 25-ig tart. Amennyiben a j\u00e1rv\u00e1nyhelyzet indokoltt\u00e1 teszi (korl\u00e1toz\u00f3 int\u00e9zked\u00e9sek \u00fajb\u00f3li bevezet\u00e9se), akkor az oktat\u00e1s online form\u00e1ban lesz megtartva.<\/u><\/strong><\/p> <p><strong>\u00a0<\/strong>\u00d6ssz. \u00f3rasz\u00e1m: 200 \u00f3ra. Biol\u00f3gia: 100 \u00f3ra, k\u00e9mia: 100 \u00f3ra. A heti elfoglalts\u00e1g 2-2&#215;90 perces \u00f3r\u00e1k (p\u00e9nteken d\u00e9lut\u00e1n, szombaton d\u00e9lel\u0151tt\/d\u00e9lut\u00e1n vannak az \u00f3r\u00e1k). Az oktat\u00e1s kiscsoportos form\u00e1ban folyik (csoportonk\u00e9nt max. 20-25 f\u0151). A tiszt\u00e1n jelenl\u00e9ti oktat\u00e1s mellett lehet\u0151s\u00e9get biztos\u00edtunk a tanfolyam blended (vegyes) form\u00e1ban t\u00f6rt\u00e9n\u0151 elv\u00e9gz\u00e9s\u00e9re is. Ebben a k\u00e9pz\u00e9si form\u00e1ban a r\u00e9sztvev\u0151k (szombatonk\u00e9nt) egyik h\u00e9ten online, a m\u00e1sik h\u00e9ten pedig szem\u00e9lyesen vehetnek r\u00e9szt a foglalkoz\u00e1sokon.<\/p> <ol> <li>csoport: P\u00c9NTEK, K\u00c9MIA 15.30 &#8211; 19.00 \u00f3r\u00e1ig<\/li> <li>csoport P\u00c9NTEK, BIOL\u00d3GIA 15.30 \u2013 19.00 \u00f3r\u00e1ig<\/li> <li>csoport SZOMBAT, BIOL\u00d3GIA 9.00 \u2013 12.30 \u00f3r\u00e1ig<\/li> <li>csoport SZOMBAT, K\u00c9MIA 9.00 \u2013 12.30 \u00f3r\u00e1ig<\/li> <li>csoport SZOMBAT, K\u00c9MIA 13.00-16.30 \u00f3r\u00e1ig<\/li> <li>csoport SZOMBAT, BIOL\u00d3GIA 13.00-16.30 \u00f3r\u00e1ig<\/li> <\/ol> <p>A biol\u00f3gia \u00e9s k\u00e9mia el\u0151ad\u00e1sok 2&#215;90 percesek, 30 perc sz\u00fcnettel.<\/p> <p>Els\u0151 h\u00e9ten, p\u00e9nteken az el\u0151ad\u00e1s kezdete el\u0151tt, az oktat\u00f3kkal elk\u00e9sz\u00edtik a csoportbeoszt\u00e1st, \u00e9s a tov\u00e1bbi hetekben, az al\u00e1bbi eloszt\u00e1sban ker\u00fclnek megtart\u00e1sra az \u00f3r\u00e1k.<\/p> <p>Ha <strong>mindk\u00e9t tant\u00e1rgyb\u00f3l<\/strong> szeretne jelentkezni, akkor a<strong> tanfolyam r\u00e9szv\u00e9teli d\u00edja: 300.000.-Ft<\/strong>, ha <strong>csak az egyikb\u0151l<\/strong>, (<strong>vagy k\u00e9mia, vagy biol\u00f3gia)<\/strong>, akkor, <strong>150.000<\/strong><strong> Ft.<\/strong><\/p> <p><strong>A tanfolyamra jelentkezni 2025. augusztus 23-szeptember 12-ig van lehet\u0151s\u00e9g a Jelentkez\u00e9si lap elk\u00fcld\u00e9s\u00e9vel az al\u00e1bbi e-mail c\u00edmre: <\/strong><a class=\"decrypt\" rel=\"pt{j\/sjubAvojwfu\/iv\" href=\"javascript:void(0);\">[Kattintson az emailc\u00edmhez]<\/a><\/p> <p>&nbsp;<\/p> <p><u><a href=\"https:\/\/univet.hu\/wp-content\/uploads\/2025\/06\/elokeszjellap2025-2026.doc\" target=\"_blank\" rel=\"noopener\">Jelentkez\u00e9si lap let\u00f6lthet\u0151 innen<\/a><\/u><\/p> <p>&nbsp;<\/p> <p><strong>Jelentkez\u00e9si hat\u00e1rid\u0151: 2025. szeptember 12.<\/strong><\/p> <p>A jelentkez\u00e9sr\u0151l visszaigazol\u00e1st \u00e9s elektronikus form\u00e1ban sz\u00e1ml\u00e1t k\u00fcld\u00fcnk. A tanfolyam r\u00e9szv\u00e9teli d\u00edj\u00e1t, a sz\u00e1ml\u00e1n felt\u00fcntetett banksz\u00e1mlasz\u00e1mra egy \u00f6sszegben kell \u00e1tutalni.<\/p> <p><strong>Befizet\u00e9si id\u0151szak: 2025. szeptember 17-szeptember 24.<\/strong><\/p> <p>Utal\u00e1sn\u00e1l a sz\u00e1mla sorsz\u00e1m\u00e1t k\u00e9rj\u00fck a megjegyz\u00e9s rovatban felt\u00fcntetni \u00e9s a befizet\u00e9sr\u0151l sz\u00f3l\u00f3 utal\u00e1si bizonylatot a megadott e-mail c\u00edmre elk\u00fcldeni.<\/p> <p><strong>Inform\u00e1ci\u00f3:<\/strong><\/p> <p>\u00c1llatorvostudom\u00e1nyi Egyetem Tanulm\u00e1nyi Oszt\u00e1ly,<\/p> <p>\u0150szi-Szalczer Rita 478 \u2013 4100\/8128 mell\u00e9k vagy <a class=\"decrypt\" rel=\"pt{j\/sjubAvojwfu\/iv\" href=\"javascript:void(0);\">[Kattintson az emailc\u00edmhez]<\/a><\/p>","protected":false},"excerpt":{"rendered":"<p>&nbsp; T\u00e1j\u00e9koztat\u00f3\u00a0az \u00c1llatorvostudom\u00e1nyi Egyetem emelt szint\u0171 \u00e9retts\u00e9gi vizsg\u00e1ra felk\u00e9sz\u00edt\u0151 tanfolyam\u00e1r\u00f3l &nbsp; Az \u00c1llatorvostudom\u00e1nyi Egyetem \u00f6nk\u00f6lts\u00e9ges, emelt szint\u0171 \u00e9retts\u00e9gi vizsg\u00e1ra felk\u00e9sz\u00edt\u0151 tanfolyamot ind\u00edt a 2025\/2026-es tan\u00e9vben, biol\u00f3gia \u00e9s k\u00e9mia tant\u00e1rgyakb\u00f3l, egy\u00fctt \u00e9s k\u00fcl\u00f6n-k\u00fcl\u00f6n is. A tananyag mindk\u00e9t tant\u00e1rgyb\u00f3l az \u00e9retts\u00e9gi vizsga t\u00f6rzsanyaga.\u00a0 K\u00e9mia t\u00e1rgyb\u00f3l &#8211; az el\u0151k\u00e9sz\u00edt\u0151 sor\u00e1n k\u00e9t alkalommal \u2013 lehet\u0151s\u00e9get biztos\u00edtunk az \u00e9retts\u00e9gi vizsg\u00e1n<\/p>\n","protected":false},"author":1,"featured_media":0,"parent":1222,"menu_order":174,"comment_status":"closed","ping_status":"closed","template":"","meta":{"_acf_changed":false,"footnotes":""},"categories":[],"tags":[],"class_list":["post-6029","page","type-page","status-publish","hentry"],"acf":[],"_links":{"self":[{"href":"https:\/\/univet.hu\/hu\/wp-json\/wp\/v2\/pages\/6029","targetHints":{"allow":["GET"]}}],"collection":[{"href":"https:\/\/univet.hu\/hu\/wp-json\/wp\/v2\/pages"}],"about":[{"href":"https:\/\/univet.hu\/hu\/wp-json\/wp\/v2\/types\/page"}],"author":[{"embeddable":true,"href":"https:\/\/univet.hu\/hu\/wp-json\/wp\/v2\/users\/1"}],"replies":[{"embeddable":true,"href":"https:\/\/univet.hu\/hu\/wp-json\/wp\/v2\/comments?post=6029"}],"version-history":[{"count":2,"href":"https:\/\/univet.hu\/hu\/wp-json\/wp\/v2\/pages\/6029\/revisions"}],"predecessor-version":[{"id":186568,"href":"https:\/\/univet.hu\/hu\/wp-json\/wp\/v2\/pages\/6029\/revisions\/186568"}],"up":[{"embeddable":true,"href":"https:\/\/univet.hu\/hu\/wp-json\/wp\/v2\/pages\/1222"}],"wp:attachment":[{"href":"https:\/\/univet.hu\/hu\/wp-json\/wp\/v2\/media?parent=6029"}],"wp:term":[{"taxonomy":"category","embeddable":true,"href":"https:\/\/univet.hu\/hu\/wp-json\/wp\/v2\/categories?post=6029"},{"taxonomy":"post_tag","embeddable":true,"href":"https:\/\/univet.hu\/hu\/wp-json\/wp\/v2\/tags?post=6029"}],"curies":[{"name":"wp","href":"https:\/\/api.w.org\/{rel}","templated":true}]}}